{"id":424,"date":"2020-10-08T21:36:53","date_gmt":"2020-10-08T21:36:53","guid":{"rendered":"https:\/\/rrcinema.com\/es\/?page_id=424"},"modified":"2021-03-30T17:48:05","modified_gmt":"2021-03-30T17:48:05","slug":"about","status":"publish","type":"page","link":"https:\/\/rrcinema.com\/es\/about\/","title":{"rendered":"About"},"content":{"rendered":"<p>[et_pb_section fb_built=\u00bb1&#8243; _builder_version=\u00bb4.1&#8243; custom_margin=\u00bb0px||||false|false\u00bb custom_padding=\u00bb0px||||false|false\u00bb][et_pb_row _builder_version=\u00bb4.1&#8243;][et_pb_column type=\u00bb4_4&#8243; _builder_version=\u00bb4.1&#8243;][et_pb_image src=\u00bbhttps:\/\/rrcinema.com\/es\/wp-content\/uploads\/2020\/10\/Rodrigo-1.jpg\u00bb _builder_version=\u00bb4.1&#8243; width=\u00bb100%\u00bb module_alignment=\u00bbcenter\u00bb animation_style=\u00bbslide\u00bb animation_direction=\u00bbleft\u00bb][\/et_pb_image][et_pb_text _builder_version=\u00bb4.1&#8243; animation_style=\u00bbslide\u00bb animation_direction=\u00bbbottom\u00bb]<\/p>\n<p>Foto de Jennifer Dur\u00e1n<\/p>\n<p>[\/et_pb_text][\/et_pb_column][\/et_pb_row][et_pb_row _builder_version=\u00bb4.1&#8243; custom_padding=\u00bb||70px||false|false\u00bb][et_pb_column type=\u00bb4_4&#8243; _builder_version=\u00bb4.1&#8243;][et_pb_text _builder_version=\u00bb4.1&#8243; text_font=\u00bbRoboto||||||||\u00bb text_font_size=\u00bb40px\u00bb animation_style=\u00bbslide\u00bb animation_direction=\u00bbbottom\u00bb text_line_height_tablet=\u00bb\u00bb text_line_height_phone=\u00bb30px\u00bb text_line_height_last_edited=\u00bbon|phone\u00bb]<\/p>\n<p style=\"text-align: center;\"><strong>Acerca de<\/strong><\/p>\n<p>[\/et_pb_text][\/et_pb_column][\/et_pb_row][et_pb_row _builder_version=\u00bb4.1&#8243; custom_padding=\u00bb10px|||30px|false|false\u00bb border_width_left=\u00bb5px\u00bb][et_pb_column type=\u00bb4_4&#8243; _builder_version=\u00bb4.1&#8243;][et_pb_code _builder_version=\u00bb4.1&#8243; custom_margin=\u00bb||-3px|||\u00bb]<\/p>\n<style><!-- [et_pb_line_break_holder] -->  .circle{<!-- [et_pb_line_break_holder] -->background: #000;<!-- [et_pb_line_break_holder] -->  width: 15px;<!-- [et_pb_line_break_holder] -->  height: 15px;<!-- [et_pb_line_break_holder] -->  border-radius: 50%;<!-- [et_pb_line_break_holder] -->  position: absolute;<!-- [et_pb_line_break_holder] -->  top: -20px;<!-- [et_pb_line_break_holder] -->  left: -40px;<!-- [et_pb_line_break_holder] -->}<!-- [et_pb_line_break_holder] --><\/style>\n<p><!-- [et_pb_line_break_holder] --><!-- [et_pb_line_break_holder] --><\/p>\n<div class=\"circle\"><!-- [et_pb_line_break_holder] -->  <!-- [et_pb_line_break_holder] --><\/div>\n<p>[\/et_pb_code][et_pb_text _builder_version=\u00bb4.1&#8243; text_font=\u00bbRoboto||||||||\u00bb text_font_size=\u00bb30px\u00bb animation_style=\u00bbslide\u00bb animation_direction=\u00bbbottom\u00bb text_line_height_tablet=\u00bb\u00bb text_line_height_phone=\u00bb30px\u00bb text_line_height_last_edited=\u00bbon|phone\u00bb]<\/p>\n<p style=\"text-align: left;\"><strong>Rodrigo Reyes<\/strong><\/p>\n<p>[\/et_pb_text][et_pb_text _builder_version=\u00bb4.1&#8243; text_font=\u00bbRoboto|300|||||||\u00bb text_font_size=\u00bb18px\u00bb link_font=\u00bbRoboto||||||||\u00bb link_text_color=\u00bb#666666&#8243; animation_style=\u00bbslide\u00bb animation_direction=\u00bbright\u00bb]<\/p>\n<p>Nacido en la Ciudad de M\u00e9xico, el director Rodrigo Reyes centra su obra en su identidad como artista migrante radicado en Estados Unidos, articulando una mirada po\u00e9tica desde la zona desde los m\u00e1rgenes de ambas culturas. Construido a trav\u00e9s de im\u00e1genes impresionantes, su cine retrata la naturaleza contradictoria de nuestro mundo compartido, revelando tambi\u00e9n nuestra capacidad de transformarnos.<\/p>\n<p><strong><a target=\"_blank\" href=\"https:\/\/gooddocs.net\/products\/lupe-under-the-sun\" rel=\"noopener noreferrer\"><\/a><\/strong><\/p>\n<p>[\/et_pb_text][\/et_pb_column][\/et_pb_row][\/et_pb_section][et_pb_section fb_built=\u00bb1&#8243; _builder_version=\u00bb4.1&#8243; custom_margin=\u00bb0px||||false|false\u00bb custom_padding=\u00bb0px||||false|false\u00bb][et_pb_row _builder_version=\u00bb4.1&#8243;][et_pb_column type=\u00bb4_4&#8243; _builder_version=\u00bb4.1&#8243;][et_pb_image src=\u00bbhttps:\/\/rrcinema.com\/es\/wp-content\/uploads\/2020\/10\/biography-1.jpg\u00bb _builder_version=\u00bb4.1&#8243; module_alignment=\u00bbcenter\u00bb animation_style=\u00bbslide\u00bb animation_direction=\u00bbleft\u00bb][\/et_pb_image][\/et_pb_column][\/et_pb_row][et_pb_row _builder_version=\u00bb4.1&#8243; custom_margin=\u00bb30px||||false|false\u00bb custom_padding=\u00bb10px|||30px|false|false\u00bb border_width_left=\u00bb5px\u00bb][et_pb_column type=\u00bb4_4&#8243; _builder_version=\u00bb4.1&#8243;][et_pb_code _builder_version=\u00bb4.1&#8243; custom_margin=\u00bb||-2px|||\u00bb]<\/p>\n<style><!-- [et_pb_line_break_holder] -->  .circle{<!-- [et_pb_line_break_holder] -->background: #000;<!-- [et_pb_line_break_holder] -->  width: 15px;<!-- [et_pb_line_break_holder] -->  height: 15px;<!-- [et_pb_line_break_holder] -->  border-radius: 50%;<!-- [et_pb_line_break_holder] -->  position: absolute;<!-- [et_pb_line_break_holder] -->  top: -20px;<!-- [et_pb_line_break_holder] -->  left: -40px;<!-- [et_pb_line_break_holder] -->}<!-- [et_pb_line_break_holder] --><\/style>\n<p><!-- [et_pb_line_break_holder] --><!-- [et_pb_line_break_holder] --><\/p>\n<div class=\"circle\"><!-- [et_pb_line_break_holder] -->  <!-- [et_pb_line_break_holder] --><\/div>\n<p>[\/et_pb_code][et_pb_text _builder_version=\u00bb4.1&#8243; text_font=\u00bbRoboto|300|||||||\u00bb text_font_size=\u00bb18px\u00bb link_font=\u00bbRoboto||||||||\u00bb link_text_color=\u00bb#666666&#8243; animation_style=\u00bbslide\u00bb animation_direction=\u00bbright\u00bb]<\/p>\n<p>En 2020, su \u00faltima pel\u00edcula \u201c499\u201d gan\u00f3 el Premio a Mejor Fotograf\u00eda en el Festival de Tribeca, adem\u00e1s del Premio Especial del Jurado en Hot Docs. Rodrigo ha presentado su obra en espacios como el Festival de Morelia, BFI Londres y el Museo de Arte Moderno de Nueva York, recibiendo excelentes cr\u00edticas. Su obra ha sido apoyada por el Instituto Mexicano de Cinematograf\u00eda (IMCINE), adem\u00e1s de los Institutos Sundance y Tribeca, California Humanities, ITVS Open Call, El Fondo Roberto Guerra, el MacDowell Fellowship y muchos m\u00e1s. Rodrigo ha presentado sus pel\u00edculas en la televisi\u00f3n p\u00fablica de los EEUU en el programa America ReFramed, adem\u00e1s de ser comisionado por Netflix. Rodrigo est\u00e1 orgulloso de haber sido galardonado con los premios Sundance Spotlight on Storytellers Award, el Creative Capital Award y la Beca de la Fundaci\u00f3n Guggenheim.<\/p>\n<p><strong><a target=\"_blank\" href=\"https:\/\/gooddocs.net\/products\/lupe-under-the-sun\" rel=\"noopener noreferrer\"><\/a><\/strong><\/p>\n<p>[\/et_pb_text][\/et_pb_column][\/et_pb_row][\/et_pb_section][et_pb_section fb_built=\u00bb1&#8243; _builder_version=\u00bb4.1&#8243; custom_margin=\u00bb0px||||false|false\u00bb custom_padding=\u00bb0px||||false|false\u00bb][et_pb_row _builder_version=\u00bb4.1&#8243;][et_pb_column type=\u00bb4_4&#8243; _builder_version=\u00bb4.1&#8243;][et_pb_image src=\u00bbhttps:\/\/rrcinema.com\/es\/wp-content\/uploads\/2020\/10\/biography-2.jpg\u00bb _builder_version=\u00bb4.1&#8243; module_alignment=\u00bbcenter\u00bb animation_style=\u00bbslide\u00bb animation_direction=\u00bbleft\u00bb][\/et_pb_image][\/et_pb_column][\/et_pb_row][et_pb_row _builder_version=\u00bb4.1&#8243; custom_margin=\u00bb30px||||false|false\u00bb custom_padding=\u00bb10px|||30px|false|false\u00bb border_width_left=\u00bb5px\u00bb][et_pb_column type=\u00bb4_4&#8243; _builder_version=\u00bb4.1&#8243;][et_pb_code _builder_version=\u00bb4.1&#8243; custom_margin=\u00bb||-3px|||\u00bb]<\/p>\n<style><!-- [et_pb_line_break_holder] -->  .circle{<!-- [et_pb_line_break_holder] -->background: #000;<!-- [et_pb_line_break_holder] -->  width: 15px;<!-- [et_pb_line_break_holder] -->  height: 15px;<!-- [et_pb_line_break_holder] -->  border-radius: 50%;<!-- [et_pb_line_break_holder] -->  position: absolute;<!-- [et_pb_line_break_holder] -->  top: -20px;<!-- [et_pb_line_break_holder] -->  left: -40px;<!-- [et_pb_line_break_holder] -->}<!-- [et_pb_line_break_holder] --><\/style>\n<p><!-- [et_pb_line_break_holder] --><!-- [et_pb_line_break_holder] --><\/p>\n<div class=\"circle\"><!-- [et_pb_line_break_holder] -->  <!-- [et_pb_line_break_holder] --><\/div>\n<p>[\/et_pb_code][et_pb_text _builder_version=\u00bb4.1&#8243; text_font=\u00bbRoboto|300|||||||\u00bb text_font_size=\u00bb18px\u00bb link_font=\u00bbRoboto||||||||\u00bb link_text_color=\u00bb#666666&#8243; custom_margin=\u00bb||-2px|||\u00bb animation_style=\u00bbslide\u00bb animation_direction=\u00bbright\u00bb]<\/p>\n<p>Localizado en Oakland, California, ha recibido el apoyo del Fondo Pacific Pioneer, la Beca Bay Area Video Coalition Mediamaker, adem\u00e1s de de ganar el Premio Saul Zaentz de la Fundaci\u00f3n Berkeley Film. Rodrigo ha participado en varios consejos de diversidad para la San Francisco Film Society; ha impartido clases magistrales, talleres y seminarios en Princeton, Boston University, la New School, la Universidad de San diego, adem\u00e1s de colaborar con Video Consortium y el Festival DOCSMX, entre muchos otros espacios, adem\u00e1s de ser un experto mentor del programa American Film Showcase, trabajando con cineastas en M\u00e9xico y El Salvador. En el oto\u00f1o del 2020, Rodrigo fue nombrado el nuevo Co-Director de la Beca BAVC Mediamaker, y la Minneapolis Film Society anunci\u00f3 la primera retrospectiva de su obra.<\/p>\n<p><strong><a target=\"_blank\" href=\"https:\/\/gooddocs.net\/products\/lupe-under-the-sun\" rel=\"noopener noreferrer\"><\/a><\/strong><\/p>\n<p>[\/et_pb_text][et_pb_text _builder_version=\u00bb4.1&#8243; text_font=\u00bbRoboto|300|||||||\u00bb text_font_size=\u00bb18px\u00bb link_font=\u00bbRoboto||||||||\u00bb link_text_color=\u00bb#666666&#8243; custom_margin=\u00bb||-2px|||\u00bb animation_style=\u00bbslide\u00bb animation_direction=\u00bbright\u00bb hover_enabled=\u00bb0&#8243;]<\/p>\n<p>En el 2021, Rodrigo recibi\u00f3 el premio Vanguard del festival SF IndieFest, y fue seleccionado como uno de los artistas visionarios ganadores del premio Rainin Fellowship.<\/p>\n<\/p>\n<p>[\/et_pb_text][et_pb_text _builder_version=\u00bb4.1&#8243; text_font=\u00bbRoboto||||||||\u00bb text_font_size=\u00bb16px\u00bb animation_style=\u00bbslide\u00bb animation_direction=\u00bbbottom\u00bb]<\/p>\n<p>rrcinemaproductions@gmail.com<\/p>\n<p>[\/et_pb_text][\/et_pb_column][\/et_pb_row][\/et_pb_section][et_pb_section fb_built=\u00bb1&#8243; _builder_version=\u00bb4.1&#8243; custom_margin=\u00bb0px||-8px||false|false\u00bb custom_padding=\u00bb0px||0px||false|false\u00bb locked=\u00bboff\u00bb][et_pb_row _builder_version=\u00bb4.1&#8243; custom_margin=\u00bb0px||0px||false|false\u00bb custom_padding=\u00bb0px||0px||false|false\u00bb][et_pb_column type=\u00bb4_4&#8243; _builder_version=\u00bb4.1&#8243;][et_pb_code _builder_version=\u00bb4.1&#8243; custom_margin=\u00bb0px||0px||false|false\u00bb custom_padding=\u00bb0px||0px||false|false\u00bb locked=\u00bboff\u00bb]<\/p>\n<style><!-- [et_pb_line_break_holder] -->  .icons-footer-page{<!-- [et_pb_line_break_holder] -->\t\twidth: 100%;<!-- [et_pb_line_break_holder] -->\t\ttext-align: right;<!-- [et_pb_line_break_holder] -->\t\tmargin-right: 50px;<!-- [et_pb_line_break_holder] -->    position: fixed;<!-- [et_pb_line_break_holder] -->    bottom: 9px;<!-- [et_pb_line_break_holder] -->    right: -5px;<!-- [et_pb_line_break_holder] -->\t}\t<!-- [et_pb_line_break_holder] -->\t.icons-f{<!-- [et_pb_line_break_holder] -->\t\twidth: 24px;<!-- [et_pb_line_break_holder] -->\t\theight: 23px;<!-- [et_pb_line_break_holder] -->\t\tbackground: #000;<!-- [et_pb_line_break_holder] -->\t\tborder-radius: 50%;<!-- [et_pb_line_break_holder] -->\t\tdisplay: inline-block;<!-- [et_pb_line_break_holder] -->\t\tmargin-left: 4px;<!-- [et_pb_line_break_holder] -->\t}<!-- [et_pb_line_break_holder] -->  <!-- [et_pb_line_break_holder] -->  .icons-f:hover > p{<!-- [et_pb_line_break_holder] -->    background: #fff;<!-- [et_pb_line_break_holder] -->    color: #000;<!-- [et_pb_line_break_holder] -->  }<!-- [et_pb_line_break_holder] --><!-- [et_pb_line_break_holder] -->\t.icons-f p{<!-- [et_pb_line_break_holder] -->    font-family: 'Roboto',Helvetica,Arial,Lucida,sans-serif!important;<!-- [et_pb_line_break_holder] -->\t\tcolor: #fff;<!-- [et_pb_line_break_holder] -->\t\ttext-align: center;<!-- [et_pb_line_break_holder] -->\t\tfont-size: 11px;<!-- [et_pb_line_break_holder] -->\t\tmargin: 0px;<!-- [et_pb_line_break_holder] -->    border-radius: 50%;<!-- [et_pb_line_break_holder] -->    transition: 0.5s;<!-- [et_pb_line_break_holder] -->\t}<!-- [et_pb_line_break_holder] -->  <!-- [et_pb_line_break_holder] -->  .icons-f p i{<!-- [et_pb_line_break_holder] -->    font-size: 12px;<!-- [et_pb_line_break_holder] -->    }<!-- [et_pb_line_break_holder] -->  <!-- [et_pb_line_break_holder] --> \/* @media (max-width: 1200px) {<!-- [et_pb_line_break_holder] -->    .icons-footer-page{<!-- [et_pb_line_break_holder] -->        right: -40px;<!-- [et_pb_line_break_holder] -->    } <!-- [et_pb_line_break_holder] -->  }*\/<!-- [et_pb_line_break_holder] -->  <!-- [et_pb_line_break_holder] -->   @media (max-width: 500px) {<!-- [et_pb_line_break_holder] -->    .icons-footer-page{<!-- [et_pb_line_break_holder] -->    \tright: -40px;<!-- [et_pb_line_break_holder] -->    } <!-- [et_pb_line_break_holder] -->  }<!-- [et_pb_line_break_holder] --><!-- [et_pb_line_break_holder] -->\t\/*.line{<!-- [et_pb_line_break_holder] -->\t\tborder: solid 1px red;<!-- [et_pb_line_break_holder] -->\t\tdisplay: inline-block;<!-- [et_pb_line_break_holder] -->\t\theight: 25px;<!-- [et_pb_line_break_holder] -->\t\tmargin-left: 5px;<!-- [et_pb_line_break_holder] --><!-- [et_pb_line_break_holder] -->\t}<!-- [et_pb_line_break_holder] --><!-- [et_pb_line_break_holder] -->\t.line p{<!-- [et_pb_line_break_holder] -->\t\tcolor: #fff;<!-- [et_pb_line_break_holder] -->\t\ttext-align: center;<!-- [et_pb_line_break_holder] -->\t\tfont-size: 11px;<!-- [et_pb_line_break_holder] -->\t\tmargin: 0px;<!-- [et_pb_line_break_holder] -->\t\tpadding-top: 5px;<!-- [et_pb_line_break_holder] --><!-- [et_pb_line_break_holder] -->\t}*\/<!-- [et_pb_line_break_holder] --><\/style>\n<p>\t<!-- [et_pb_line_break_holder] --><\/p>\n<div class=\"icons-footer-page\"><!-- [et_pb_line_break_holder] -->\t<a href=\"https:\/\/rrcinema.com\/about\/\" class=\"icons-f\"><!-- [et_pb_line_break_holder] -->\t\t\t<\/p>\n<p>EN<\/p>\n<p><!-- [et_pb_line_break_holder] -->\t\t<\/a><!-- [et_pb_line_break_holder] -->\t\t<a href=\"https:\/\/rrcinema.com\/es\/about\/\" class=\"icons-f\"><!-- [et_pb_line_break_holder] -->\t\t\t<\/p>\n<p>ES<\/p>\n<p><!-- [et_pb_line_break_holder] -->\t\t<\/a><!-- [et_pb_line_break_holder] -->\t\t<!--\n\n<div class=\"line\"><!-- [et_pb_line_break_holder] -->\t\t\t<\/p>\n<p><!-- [et_pb_line_break_holder] -->\t\t<\/div>\n<p>&#8211;><!-- [et_pb_line_break_holder] -->\t\t<a target=\"_blank\" href=\"https:\/\/www.instagram.com\/rr_cinema\/\" class=\"icons-f\" rel=\"noopener noreferrer\"><!-- [et_pb_line_break_holder] -->\t\t\t\t\t<\/p>\n<p><i class=\"fa fa-instagram\"><\/i><\/p>\n<p><!-- [et_pb_line_break_holder] -->\t\t\t\t<\/a><!-- [et_pb_line_break_holder] -->\t\t\t\t<a target=\"_blank\" href=\"https:\/\/www.facebook.com\/mrrodrigoreyes\" class=\"icons-f\" rel=\"noopener noreferrer\"><!-- [et_pb_line_break_holder] -->\t\t\t\t\t<\/p>\n<p><i class=\"fa fa-facebook\"><\/i><\/p>\n<p><!-- [et_pb_line_break_holder] -->\t\t\t\t<\/a><!-- [et_pb_line_break_holder] -->\t<\/div>\n<p><!-- [et_pb_line_break_holder] -->[\/et_pb_code][\/et_pb_column][\/et_pb_row][\/et_pb_section]<\/p>\n","protected":false},"excerpt":{"rendered":"<p>[et_pb_section fb_built=\u00bb1&#8243; _builder_version=\u00bb4.1&#8243; custom_margin=\u00bb0px||||false|false\u00bb custom_padding=\u00bb0px||||false|false\u00bb][et_pb_row _builder_version=\u00bb4.1&#8243;][et_pb_column type=\u00bb4_4&#8243; _builder_version=\u00bb4.1&#8243;][et_pb_image src=\u00bbhttps:\/\/rrcinema.com\/es\/wp-content\/uploads\/2020\/10\/Rodrigo-1.jpg\u00bb _builder_version=\u00bb4.1&#8243; width=\u00bb100%\u00bb module_alignment=\u00bbcenter\u00bb animation_style=\u00bbslide\u00bb animation_direction=\u00bbleft\u00bb][\/et_pb_image][et_pb_text _builder_version=\u00bb4.1&#8243; animation_style=\u00bbslide\u00bb animation_direction=\u00bbbottom\u00bb] Foto de Jennifer Dur\u00e1n [\/et_pb_text][\/et_pb_column][\/et_pb_row][et_pb_row _builder_version=\u00bb4.1&#8243; custom_padding=\u00bb||70px||false|false\u00bb][et_pb_column type=\u00bb4_4&#8243; _builder_version=\u00bb4.1&#8243;][et_pb_text _builder_version=\u00bb4.1&#8243; text_font=\u00bbRoboto||||||||\u00bb text_font_size=\u00bb40px\u00bb animation_style=\u00bbslide\u00bb animation_direction=\u00bbbottom\u00bb text_line_height_tablet=\u00bb\u00bb text_line_height_phone=\u00bb30px\u00bb text_line_height_last_edited=\u00bbon|phone\u00bb] Acerca de [\/et_pb_text][\/et_pb_column][\/et_pb_row][et_pb_row _builder_version=\u00bb4.1&#8243; custom_padding=\u00bb10px|||30px|false|false\u00bb border_width_left=\u00bb5px\u00bb][et_pb_column type=\u00bb4_4&#8243; _builder_version=\u00bb4.1&#8243;][et_pb_code _builder_version=\u00bb4.1&#8243; custom_margin=\u00bb||-3px|||\u00bb] [\/et_pb_code][et_pb_text _builder_version=\u00bb4.1&#8243; text_font=\u00bbRoboto||||||||\u00bb text_font_size=\u00bb30px\u00bb animation_style=\u00bbslide\u00bb animation_direction=\u00bbbottom\u00bb text_line_height_tablet=\u00bb\u00bb text_line_height_phone=\u00bb30px\u00bb text_line_height_last_edited=\u00bbon|phone\u00bb] Rodrigo Reyes [&hellip;]<\/p>\n","protected":false},"author":1,"featured_media":0,"parent":0,"menu_order":0,"comment_status":"closed","ping_status":"closed","template":"","meta":{"_et_pb_use_builder":"on","_et_pb_old_content":"","_et_gb_content_width":""},"_links":{"self":[{"href":"https:\/\/rrcinema.com\/es\/wp-json\/wp\/v2\/pages\/424"}],"collection":[{"href":"https:\/\/rrcinema.com\/es\/wp-json\/wp\/v2\/pages"}],"about":[{"href":"https:\/\/rrcinema.com\/es\/wp-json\/wp\/v2\/types\/page"}],"author":[{"embeddable":true,"href":"https:\/\/rrcinema.com\/es\/wp-json\/wp\/v2\/users\/1"}],"replies":[{"embeddable":true,"href":"https:\/\/rrcinema.com\/es\/wp-json\/wp\/v2\/comments?post=424"}],"version-history":[{"count":25,"href":"https:\/\/rrcinema.com\/es\/wp-json\/wp\/v2\/pages\/424\/revisions"}],"predecessor-version":[{"id":991,"href":"https:\/\/rrcinema.com\/es\/wp-json\/wp\/v2\/pages\/424\/revisions\/991"}],"wp:attachment":[{"href":"https:\/\/rrcinema.com\/es\/wp-json\/wp\/v2\/media?parent=424"}],"curies":[{"name":"wp","href":"https:\/\/api.w.org\/{rel}","templated":true}]}}